{"id":768,"date":"2024-01-20T21:50:56","date_gmt":"2024-01-20T20:50:56","guid":{"rendered":"https:\/\/www.advokat21.cz\/?page_id=768"},"modified":"2024-03-28T12:49:21","modified_gmt":"2024-03-28T11:49:21","slug":"administrative-and-criminal-law","status":"publish","type":"page","link":"https:\/\/www.advokat21.cz\/en\/administrative-and-criminal-law\/","title":{"rendered":"Administrative and criminal law"},"content":{"rendered":"<p>[et_pb_section fb_built=&#8221;1&#8243; _builder_version=&#8221;4.24.0&#8243; _module_preset=&#8221;default&#8221; background_color=&#8221;#FAFAFA&#8221; global_colors_info=&#8221;{}&#8221;][et_pb_row column_structure=&#8221;1_2,1_2&#8243; _builder_version=&#8221;4.19.5&#8243; _module_preset=&#8221;default&#8221; width=&#8221;88%&#8221; global_colors_info=&#8221;{}&#8221;][et_pb_column type=&#8221;1_2&#8243; _builder_version=&#8221;4.19.5&#8243; _module_preset=&#8221;default&#8221; global_colors_info=&#8221;{}&#8221;][et_pb_text _builder_version=&#8221;4.24.0&#8243; _dynamic_attributes=&#8221;content&#8221; _module_preset=&#8221;default&#8221; text_line_height=&#8221;1.5em&#8221; custom_margin=&#8221;||0px||false|false&#8221; global_colors_info=&#8221;{}&#8221;]@ET-DC@eyJkeW5hbWljIjp0cnVlLCJjb250ZW50IjoicG9zdF90aXRsZSIsInNldHRpbmdzIjp7ImJlZm9yZSI6IjxoMT4iLCJhZnRlciI6IjwvaDE+In19@[\/et_pb_text][et_pb_text _builder_version=&#8221;4.24.2&#8243; _module_preset=&#8221;default&#8221; text_line_height=&#8221;1.9em&#8221; global_colors_info=&#8221;{}&#8221;]<\/p>\n<h2>Administrative and Criminal Law at the Law Firm Advok\u00e1t 21<\/h2>\n<p><strong>Our law firm focuses on administrative and criminal law, in addition to general and conventional areas of practice. We offer comprehensive legal services for individuals and businesses facing challenges in their relations with public administration. <\/strong>With experience and seasoned practices against the complexities of bureaucracy and administrative and criminal proceedings, we provide expert representation, advice and defense to help ensure your rights and freedoms are protected. Our mission is to stand by your side, protect your interests and offer support at key moments in your personal and professional life.<\/p>\n<p>[\/et_pb_text][et_pb_button button_url=&#8221;#contact&#8221; button_text=&#8221;Contact us&#8221; admin_label=&#8221;Contact us&#8221; _builder_version=&#8221;4.24.2&#8243; _module_preset=&#8221;default&#8221; global_module=&#8221;685&#8243; saved_tabs=&#8221;all&#8221; global_colors_info=&#8221;{}&#8221;][\/et_pb_button][\/et_pb_column][et_pb_column type=&#8221;1_2&#8243; _builder_version=&#8221;4.19.5&#8243; _module_preset=&#8221;default&#8221; global_colors_info=&#8221;{}&#8221;][et_pb_image src=&#8221;https:\/\/www.advokat21.cz\/wp-content\/uploads\/2024\/03\/PH6A7740-websize.jpg&#8221; alt=&#8221;Administrative and criminal law&#8221; _builder_version=&#8221;4.24.2&#8243; _module_preset=&#8221;default&#8221; border_radii=&#8221;on|16px|16px|16px|16px&#8221; global_colors_info=&#8221;{}&#8221;][\/et_pb_image][\/et_pb_column][\/et_pb_row][\/et_pb_section][et_pb_section fb_built=&#8221;1&#8243; _builder_version=&#8221;4.24.2&#8243; _module_preset=&#8221;default&#8221; background_color=&#8221;#FAFAFA&#8221; global_colors_info=&#8221;{}&#8221;][et_pb_row make_equal=&#8221;on&#8221; _builder_version=&#8221;4.24.0&#8243; _module_preset=&#8221;default&#8221; locked=&#8221;off&#8221; global_colors_info=&#8221;{}&#8221;][et_pb_column type=&#8221;4_4&#8243; _builder_version=&#8221;4.24.0&#8243; _module_preset=&#8221;default&#8221; background_color=&#8221;#FFFFFF&#8221; custom_padding=&#8221;32px|32px|32px|32px|true|true&#8221; border_radii=&#8221;on|24px|24px|24px|24px&#8221; box_shadow_style=&#8221;preset1&#8243; box_shadow_color=&#8221;rgba(0,0,0,0.1)&#8221; global_colors_info=&#8221;{}&#8221;][et_pb_blurb title=&#8221;Representation on Behalf of Clients and Communication with the Authorities&#8221; image=&#8221;https:\/\/www.advokat21.cz\/wp-content\/uploads\/2024\/01\/Spravni-a-trestni-pravo-07.png&#8221; alt=&#8221;@ET-DC@eyJkeW5hbWljIjp0cnVlLCJjb250ZW50IjoicG9zdF90aXRsZSIsInNldHRpbmdzIjp7ImJlZm9yZSI6IiIsImFmdGVyIjoiIn19@&#8221; image_icon_width=&#8221;56px&#8221; icon_alignment=&#8221;left&#8221; content_max_width=&#8221;100%&#8221; _builder_version=&#8221;4.24.2&#8243; _dynamic_attributes=&#8221;alt&#8221; _module_preset=&#8221;default&#8221; header_level=&#8221;h2&#8243; header_font=&#8221;Cardo|600|||||||&#8221; body_font_size=&#8221;14px&#8221; custom_css_main_element=&#8221;display: flex;||flex-direction: column;&#8221; global_colors_info=&#8221;{}&#8221; transform_scale__hover_enabled=&#8221;off|hover&#8221; transform_styles__hover_enabled=&#8221;off|hover&#8221; transform_translate__hover_enabled=&#8221;off|hover&#8221; transform_rotate__hover_enabled=&#8221;off|hover&#8221; transform_skew__hover_enabled=&#8221;off|hover&#8221; transform_origin__hover_enabled=&#8221;off|hover&#8221;]<\/p>\n<p>Our firm provides comprehensive legal services in the field of administrative law, with a&nbsp;focus on representing clients before the authorities and communicating effectively with them. We help our clients navigate through the complex processes of administration and bureaucracy, first and foremost by ensuring that their applications and other submissions are always prepared to their satisfaction and with the utmost care before being sent to the authorities.<\/p>\n<p>Our services cover, for example, the preparation of a&nbsp;trade licence and advice on the correct choice and definition of trade, which is key to a&nbsp;successful business. In the area of construction law, we offer professional support in interacting with building authorities, including dealing with changes in zoning plans or neighbour relations when public authorities are involved. In addition to building authorities, these often include other authorities, in particular water and other environmental authorities, sanitary stations, etc. In addition, we also focus on foreigners&#8217; law, where we help clients to go through the processes related to the stay and work of foreigners in the Czech Republic.<\/p>\n<p>Our goal is to represent our clients and defend their interests in all types of situations they face, which today requires lawyers not only to represent them in court, but also in various administrative proceedings. In these increasingly complex proceedings, it is often challenging for individuals and private parties to ensure that their rights are always protected. That is why we look for the best possible support in any situation that requires interaction with the public administration.<\/p>\n<p>[\/et_pb_blurb][et_pb_button button_url=&#8221;#contact&#8221; button_text=&#8221;Get in touch&#8221; button_alignment=&#8221;center&#8221; admin_label=&#8221;Get in touch&#8221; _builder_version=&#8221;4.24.2&#8243; _module_preset=&#8221;default&#8221; button_rel=&#8221;off|off|off|off|off&#8221; custom_margin=&#8221;||||false|false&#8221; custom_css_main_element=&#8221;display: flex;||flex-direction: column;&#8221; global_module=&#8221;675&#8243; saved_tabs=&#8221;all&#8221; locked=&#8221;off&#8221; global_colors_info=&#8221;{}&#8221;][\/et_pb_button][\/et_pb_column][\/et_pb_row][et_pb_row make_equal=&#8221;on&#8221; _builder_version=&#8221;4.24.0&#8243; _module_preset=&#8221;default&#8221; locked=&#8221;off&#8221; global_colors_info=&#8221;{}&#8221;][et_pb_column type=&#8221;4_4&#8243; _builder_version=&#8221;4.24.0&#8243; _module_preset=&#8221;default&#8221; background_color=&#8221;#FFFFFF&#8221; custom_padding=&#8221;32px|32px|32px|32px|true|true&#8221; border_radii=&#8221;on|24px|24px|24px|24px&#8221; box_shadow_style=&#8221;preset1&#8243; box_shadow_color=&#8221;rgba(0,0,0,0.1)&#8221; global_colors_info=&#8221;{}&#8221;][et_pb_blurb title=&#8221;Defence Against the Authorities and Public Power&#8221; image=&#8221;https:\/\/www.advokat21.cz\/wp-content\/uploads\/2024\/01\/Spravni-a-trestni-pravo-07.png&#8221; alt=&#8221;@ET-DC@eyJkeW5hbWljIjp0cnVlLCJjb250ZW50IjoicG9zdF90aXRsZSIsInNldHRpbmdzIjp7ImJlZm9yZSI6IiIsImFmdGVyIjoiIn19@&#8221; image_icon_width=&#8221;56px&#8221; icon_alignment=&#8221;left&#8221; content_max_width=&#8221;100%&#8221; _builder_version=&#8221;4.24.2&#8243; _dynamic_attributes=&#8221;alt&#8221; _module_preset=&#8221;default&#8221; header_level=&#8221;h2&#8243; header_font=&#8221;Cardo|600|||||||&#8221; body_font_size=&#8221;14px&#8221; custom_css_main_element=&#8221;display: flex;||flex-direction: column;&#8221; global_colors_info=&#8221;{}&#8221; transform_scale__hover_enabled=&#8221;off|hover&#8221; transform_styles__hover_enabled=&#8221;off|hover&#8221; transform_translate__hover_enabled=&#8221;off|hover&#8221; transform_rotate__hover_enabled=&#8221;off|hover&#8221; transform_skew__hover_enabled=&#8221;off|hover&#8221; transform_origin__hover_enabled=&#8221;off|hover&#8221;]<\/p>\n<p>Relationships and conflicts with public authorities can affect not only your business but also your personal life in a&nbsp;very unpleasant way. That is why we offer expert defence against decisions and actions of the authorities &#8211; from defence against unjustified fines for traffic offences, to trade inspections, to tax proceedings. Our services include the careful preparation of strategies and defenses against the authorities&#8217; actions, representation in administrative proceedings and audits, including tax audits.<\/p>\n<p>Of course, we also provide legal advice and support in the preparation of actions against the authorities when it is not possible to ensure sufficient and effective protection of our clients&#8217; rights at the level of administrative proceedings. Whether it be actions against decisions of the authorities, defending against their passivity and inaction, or actions for damages or against unlawful interference by public authorities, it is sometimes possible to obtain protection only in the administrative courts.<\/p>\n<p>In such a&nbsp;case, our services cover the entire process of legal defence, from the preparation and drafting of the claim, through representation in court proceedings, including remedies, to the subsequent resolution of the situation with the authorities after the final court decision and its eventual enforcement.<\/p>\n<p>[\/et_pb_blurb][et_pb_button button_url=&#8221;#contact&#8221; button_text=&#8221;Get in touch&#8221; button_alignment=&#8221;center&#8221; admin_label=&#8221;Get in touch&#8221; _builder_version=&#8221;4.24.2&#8243; _module_preset=&#8221;default&#8221; button_rel=&#8221;off|off|off|off|off&#8221; custom_margin=&#8221;||||false|false&#8221; custom_css_main_element=&#8221;display: flex;||flex-direction: column;&#8221; global_module=&#8221;675&#8243; saved_tabs=&#8221;all&#8221; locked=&#8221;off&#8221; global_colors_info=&#8221;{}&#8221;][\/et_pb_button][\/et_pb_column][\/et_pb_row][et_pb_row make_equal=&#8221;on&#8221; _builder_version=&#8221;4.24.0&#8243; _module_preset=&#8221;default&#8221; locked=&#8221;off&#8221; global_colors_info=&#8221;{}&#8221;][et_pb_column type=&#8221;4_4&#8243; _builder_version=&#8221;4.24.0&#8243; _module_preset=&#8221;default&#8221; background_color=&#8221;#FFFFFF&#8221; custom_padding=&#8221;32px|32px|32px|32px|true|true&#8221; border_radii=&#8221;on|24px|24px|24px|24px&#8221; box_shadow_style=&#8221;preset1&#8243; box_shadow_color=&#8221;rgba(0,0,0,0.1)&#8221; global_colors_info=&#8221;{}&#8221;][et_pb_blurb title=&#8221;Protection of Civil and Political Rights&#8221; image=&#8221;https:\/\/www.advokat21.cz\/wp-content\/uploads\/2024\/01\/Spravni-a-trestni-pravo-07.png&#8221; alt=&#8221;@ET-DC@eyJkeW5hbWljIjp0cnVlLCJjb250ZW50IjoicG9zdF90aXRsZSIsInNldHRpbmdzIjp7ImJlZm9yZSI6IiIsImFmdGVyIjoiIn19@&#8221; image_icon_width=&#8221;56px&#8221; icon_alignment=&#8221;left&#8221; content_max_width=&#8221;100%&#8221; _builder_version=&#8221;4.24.2&#8243; _dynamic_attributes=&#8221;alt&#8221; _module_preset=&#8221;default&#8221; header_level=&#8221;h2&#8243; header_font=&#8221;Cardo|600|||||||&#8221; body_font_size=&#8221;14px&#8221; custom_css_main_element=&#8221;display: flex;||flex-direction: column;&#8221; global_colors_info=&#8221;{}&#8221; transform_scale__hover_enabled=&#8221;off|hover&#8221; transform_styles__hover_enabled=&#8221;off|hover&#8221; transform_translate__hover_enabled=&#8221;off|hover&#8221; transform_rotate__hover_enabled=&#8221;off|hover&#8221; transform_skew__hover_enabled=&#8221;off|hover&#8221; transform_origin__hover_enabled=&#8221;off|hover&#8221;]<\/p>\n<p>We believe that the basis of a&nbsp;healthy society is the effective protection of fundamental civil rights and freedoms. That is why our services include the promotion and protection of civil and political rights. Whether it is the right to information from authorities and public bodies, which is nowadays the basis for informed decisions and the protection of private and public interests, or, for example, support in the preparation of petitions, we stand firmly on the side of protecting and promoting civil and political rights.<\/p>\n<p>Today, it is more important than ever to effectively ensure the right to information, freedom of expression and protection of privacy, which are the cornerstones of a&nbsp;democratic society. That is why we help our clients to fulfil their political rights and provide a&nbsp;solid basis for the defence of these fundamental freedoms. We are ready to offer expert advice and representation in matters relating to public assemblies when they are needed to protect freedoms, as well as defending against interference with privacy or other personal freedoms or in cases of discrimination by the authorities, effectively protecting the basic cornerstones of a&nbsp;free society even in the digital era.<\/p>\n<p>[\/et_pb_blurb][et_pb_button button_url=&#8221;#contact&#8221; button_text=&#8221;Get in touch&#8221; button_alignment=&#8221;center&#8221; admin_label=&#8221;Get in touch&#8221; _builder_version=&#8221;4.24.2&#8243; _module_preset=&#8221;default&#8221; button_rel=&#8221;off|off|off|off|off&#8221; custom_margin=&#8221;||||false|false&#8221; custom_css_main_element=&#8221;display: flex;||flex-direction: column;&#8221; global_module=&#8221;675&#8243; saved_tabs=&#8221;all&#8221; locked=&#8221;off&#8221; global_colors_info=&#8221;{}&#8221;][\/et_pb_button][\/et_pb_column][\/et_pb_row][et_pb_row make_equal=&#8221;on&#8221; _builder_version=&#8221;4.24.0&#8243; _module_preset=&#8221;default&#8221; locked=&#8221;off&#8221; global_colors_info=&#8221;{}&#8221;][et_pb_column type=&#8221;4_4&#8243; _builder_version=&#8221;4.24.0&#8243; _module_preset=&#8221;default&#8221; background_color=&#8221;#FFFFFF&#8221; custom_padding=&#8221;32px|32px|32px|32px|true|true&#8221; border_radii=&#8221;on|24px|24px|24px|24px&#8221; box_shadow_style=&#8221;preset1&#8243; box_shadow_color=&#8221;rgba(0,0,0,0.1)&#8221; global_colors_info=&#8221;{}&#8221;][et_pb_blurb title=&#8221;Defence and Representation in Criminal Proceedings&#8221; image=&#8221;https:\/\/www.advokat21.cz\/wp-content\/uploads\/2024\/01\/Spravni-a-trestni-pravo-07.png&#8221; alt=&#8221;@ET-DC@eyJkeW5hbWljIjp0cnVlLCJjb250ZW50IjoicG9zdF90aXRsZSIsInNldHRpbmdzIjp7ImJlZm9yZSI6IiIsImFmdGVyIjoiIn19@&#8221; image_icon_width=&#8221;56px&#8221; icon_alignment=&#8221;left&#8221; content_max_width=&#8221;100%&#8221; _builder_version=&#8221;4.24.2&#8243; _dynamic_attributes=&#8221;alt&#8221; _module_preset=&#8221;default&#8221; header_level=&#8221;h2&#8243; header_font=&#8221;Cardo|600|||||||&#8221; body_font_size=&#8221;14px&#8221; custom_css_main_element=&#8221;display: flex;||flex-direction: column;&#8221; global_colors_info=&#8221;{}&#8221; transform_scale__hover_enabled=&#8221;off|hover&#8221; transform_styles__hover_enabled=&#8221;off|hover&#8221; transform_translate__hover_enabled=&#8221;off|hover&#8221; transform_rotate__hover_enabled=&#8221;off|hover&#8221; transform_skew__hover_enabled=&#8221;off|hover&#8221; transform_origin__hover_enabled=&#8221;off|hover&#8221;]<\/p>\n<p>Even today, the greatest intrusion of public power into personal life is a&nbsp;criminal prosecution, which can turn your life upside down and affect your family, work, relationships and future. Unjustified criminal proceedings are particularly challenging and the individual is unable to defend themselves competently against the charges. We understand the seriousness and stress that criminal proceedings entail, which is why we provide a&nbsp;careful and focused defense in these cases, always tailored to our clients.<\/p>\n<p>Our goal is to protect our clients&#8217; rights at all stages of the criminal process, from police investigation to trial or out-of-court or alternative resolution of criminal charges. The key to our defense is an individualized approach and thorough preparation of each case, including analyzing all evidence and using all available legal tools to provide the best possible defense. For anyone in the position of the accused, emotional support and sensitivity, including from their legal representatives, and an understanding of the impact of such a&nbsp;situation on their personal life, is also absolutely essential.<\/p>\n<p>We therefore make it a&nbsp;priority to not only achieve the best possible outcome in the courtroom or out of court settlement or other diversion in criminal proceedings, but also to ensure that our clients are fully informed and feel supported in these challenging situations and feel that someone is standing firmly beside them to face the challenges of criminal proceedings with them, with an emphasis on professionalism, empathy and expertise.<\/p>\n<p>[\/et_pb_blurb][et_pb_button button_url=&#8221;#contact&#8221; button_text=&#8221;Get in touch&#8221; button_alignment=&#8221;center&#8221; admin_label=&#8221;Get in touch&#8221; _builder_version=&#8221;4.24.2&#8243; _module_preset=&#8221;default&#8221; button_rel=&#8221;off|off|off|off|off&#8221; custom_margin=&#8221;||||false|false&#8221; custom_css_main_element=&#8221;display: flex;||flex-direction: column;&#8221; global_module=&#8221;675&#8243; saved_tabs=&#8221;all&#8221; locked=&#8221;off&#8221; global_colors_info=&#8221;{}&#8221;][\/et_pb_button][\/et_pb_column][\/et_pb_row][\/et_pb_section]<\/p>\n","protected":false},"excerpt":{"rendered":"<p>Administrative and Criminal Law at the Law Firm Advok\u00e1t 21 Our law firm focuses on administrative and criminal law, in addition to general and conventional areas of practice. We offer comprehensive legal services for individuals and businesses facing challenges in their relations with public administration. With experience and seasoned practices against the complexities of bureaucracy [&hellip;]<\/p>\n","protected":false},"author":1,"featured_media":0,"parent":0,"menu_order":0,"comment_status":"closed","ping_status":"closed","template":"","meta":{"_et_pb_use_builder":"on","_et_pb_old_content":"<p>[et_pb_section fb_built=\"1\" _builder_version=\"4.24.0\" _module_preset=\"default\" background_color=\"#FAFAFA\" global_colors_info=\"{}\"][et_pb_row column_structure=\"1_2,1_2\" _builder_version=\"4.19.5\" _module_preset=\"default\" width=\"88%\" global_colors_info=\"{}\"][et_pb_column type=\"1_2\" _builder_version=\"4.19.5\" _module_preset=\"default\" global_colors_info=\"{}\"][et_pb_text _builder_version=\"4.24.0\" _dynamic_attributes=\"content\" _module_preset=\"default\" text_line_height=\"1.5em\" custom_margin=\"||0px||false|false\" global_colors_info=\"{}\"]@ET-DC@eyJkeW5hbWljIjp0cnVlLCJjb250ZW50IjoicG9zdF90aXRsZSIsInNldHRpbmdzIjp7ImJlZm9yZSI6IjxoMT4iLCJhZnRlciI6IjwvaDE+In19@[\/et_pb_text][et_pb_text _builder_version=\"4.24.1\" _module_preset=\"default\" text_line_height=\"1.9em\" global_colors_info=\"{}\"]<\/p><h2>Spr\u00e1vn\u00ed a trestn\u00ed pr\u00e1vo v advok\u00e1tn\u00ed kancel\u00e1\u0159i Advok\u00e1t 21<\/h2><p><strong>Na\u0161e advok\u00e1tn\u00ed kancel\u00e1\u0159 se krom\u011b obecn\u00fdch a obvykl\u00fdch obor\u016f zam\u011b\u0159uje rovn\u011b\u017e na spr\u00e1vn\u00ed a trestn\u00ed pr\u00e1vo. Nab\u00edz\u00edme komplexn\u00ed pr\u00e1vn\u00ed slu\u017eby pro jednotlivce a podnikatele \u010del\u00edc\u00ed v\u00fdzv\u00e1m ve vztaz\u00edch s ve\u0159ejnou spr\u00e1vou.<\/strong> Se zku\u0161enostmi a za\u017eit\u00fdmi postupy proti slo\u017eitosti byrokracie a spr\u00e1vn\u00edch a trestn\u00edch \u0159\u00edzen\u00ed poskytujeme odborn\u00e9 zastupov\u00e1n\u00ed, poradenstv\u00ed a obranu a pom\u00e1h\u00e1me zajistit ochranu va\u0161ich pr\u00e1v a svobod. Na\u0161\u00edm posl\u00e1n\u00edm je st\u00e1t po va\u0161em boku, chr\u00e1nit va\u0161e z\u00e1jmy a nab\u00eddnout podporu v kl\u00ed\u010dov\u00fdch momentech va\u0161eho osobn\u00edho i profesn\u00edho \u017eivota.<\/p><p>[\/et_pb_text][et_pb_button button_url=\"#kontakt\" button_text=\"Kontaktovat n\u00e1s\" admin_label=\"Kontaktovat n\u00e1s\" _builder_version=\"4.24.2\" _module_preset=\"default\" saved_tabs=\"all\" global_colors_info=\"{}\" global_module=\"685\" theme_builder_area=\"post_content\"][\/et_pb_button][\/et_pb_column][et_pb_column type=\"1_2\" _builder_version=\"4.19.5\" _module_preset=\"default\" global_colors_info=\"{}\"][et_pb_image src=\"https:\/\/www.advokat21.cz\/wp-content\/uploads\/2024\/03\/PH6A7740-websize.jpg\" alt=\"Spr\u00e1vn\u00ed a trestn\u00ed pr\u00e1vo\" _builder_version=\"4.24.2\" _module_preset=\"default\" border_radii=\"on|16px|16px|16px|16px\" global_colors_info=\"{}\"][\/et_pb_image][\/et_pb_column][\/et_pb_row][\/et_pb_section][et_pb_section fb_built=\"1\" module_id=\"sluzby\" _builder_version=\"4.24.0\" _module_preset=\"default\" background_color=\"#FAFAFA\" global_colors_info=\"{}\"][et_pb_row make_equal=\"on\" _builder_version=\"4.24.0\" _module_preset=\"default\" locked=\"off\" global_colors_info=\"{}\"][et_pb_column type=\"4_4\" _builder_version=\"4.24.0\" _module_preset=\"default\" background_color=\"#FFFFFF\" custom_padding=\"32px|32px|32px|32px|true|true\" border_radii=\"on|24px|24px|24px|24px\" box_shadow_style=\"preset1\" box_shadow_color=\"rgba(0,0,0,0.1)\" global_colors_info=\"{}\"][et_pb_blurb title=\"Zastupov\u00e1n\u00ed p\u0159ed \u00fa\u0159ady a komunikace s nimi\" image=\"https:\/\/www.advokat21.cz\/wp-content\/uploads\/2024\/01\/Spravni-a-trestni-pravo-07.png\" alt=\"Spr\u00e1vn\u00ed a trestn\u00ed pr\u00e1vo\" image_icon_width=\"56px\" icon_alignment=\"left\" content_max_width=\"100%\" _builder_version=\"4.24.2\" _module_preset=\"default\" header_level=\"h2\" header_font=\"Cardo|600|||||||\" body_font_size=\"14px\" custom_css_main_element=\"display: flex;||flex-direction: column;\" global_colors_info=\"{}\" transform_scale__hover_enabled=\"off|hover\" transform_styles__hover_enabled=\"off|hover\" transform_translate__hover_enabled=\"off|hover\" transform_rotate__hover_enabled=\"off|hover\" transform_skew__hover_enabled=\"off|hover\" transform_origin__hover_enabled=\"off|hover\"]<\/p><p>V na\u0161\u00ed kancel\u00e1\u0159i poskytujeme komplexn\u00ed pr\u00e1vn\u00ed slu\u017eby v oblasti spr\u00e1vn\u00edho pr\u00e1va, se zam\u011b\u0159en\u00edm na zastupov\u00e1n\u00ed klient\u016f p\u0159ed \u00fa\u0159ady a efektivn\u00ed komunikaci s nimi. Pom\u00e1h\u00e1me na\u0161im klient\u016fm navigovat slo\u017eit\u00fdmi procesy administrativy a byrokracie, a to v prvn\u00ed \u0159ad\u011b t\u00edm, aby jejich \u017e\u00e1dosti a dal\u0161\u00ed pod\u00e1n\u00ed byly p\u0159ed odesl\u00e1n\u00edm \u00fa\u0159adu v\u017edy p\u0159ipraveny podle jejich pot\u0159eba p\u0159ipraveny a s maxim\u00e1ln\u00ed pe\u010dlivost\u00ed.<\/p><p>Na\u0161e slu\u017eby pokr\u00fdvaj\u00ed nap\u0159\u00edklad p\u0159\u00edpravu \u017eivnostensk\u00e9ho opr\u00e1vn\u011bn\u00ed a poradenstv\u00ed v oblasti spr\u00e1vn\u00e9 volby a vymezen\u00ed \u017eivnosti, co\u017e je kl\u00ed\u010dov\u00e9 pro \u00fasp\u011b\u0161n\u00e9 podnik\u00e1n\u00ed. V oblasti stavebn\u00edho pr\u00e1va nab\u00edz\u00edme odbornou podporu v\u00a0interakci se stavebn\u00edmi \u00fa\u0159ady, v\u010detn\u011b \u0159e\u0161en\u00ed zm\u011bn \u00fazemn\u00edch pl\u00e1n\u016f \u010di sousedsk\u00fdch vztah\u016f, pokud jsou do nich zapojeny i org\u00e1ny ve\u0159ejn\u00e9 spr\u00e1vy. T\u011bmi jsou krom\u011b stavebn\u00edch \u00fa\u0159ad\u016f \u010dasto i dal\u0161\u00ed org\u00e1ny, zejm\u00e9na vodopr\u00e1vn\u00ed \u00fa\u0159ady a jin\u00e9 org\u00e1ny ochrany \u017eivotn\u00edho prost\u0159ed\u00ed, hygienick\u00e9 stanice apod. D\u00e1le se zam\u011b\u0159ujeme tak\u00e9 na cizineck\u00e9 pr\u00e1vo, kde pom\u00e1h\u00e1me klient\u016fm proj\u00edt procesy t\u00fdkaj\u00edc\u00ed se pobytu a pr\u00e1ce cizinc\u016f v \u010cesk\u00e9 republice.<\/p><p>Na\u0161\u00edm c\u00edlem je zastupovat na\u0161e klienty a h\u00e1jit jejich z\u00e1jmy ve v\u0161ech typech situac\u00ed, se kter\u00fdmi se pot\u00fdkaj\u00ed, co\u017e dnes u pr\u00e1vn\u00edk\u016f vy\u017eaduje nejen zastupov\u00e1n\u00ed u soud\u016f, ale tak\u00e9 v\u00a0rozli\u010dn\u00fdch spr\u00e1vn\u00edch \u0159\u00edzen\u00edch. V\u00a0t\u011bchto st\u00e1le slo\u017eit\u011bj\u0161\u00edch \u0159\u00edzen\u00edch je pro jednotlivce a soukrom\u00e9 osoby \u010dasto n\u00e1ro\u010dn\u00e9 zajistit, aby jejich pr\u00e1va byla v\u017edy chr\u00e1n\u011bna. Proto usilujeme o nejlep\u0161\u00ed mo\u017enou podporu v jak\u00e9koli situaci, kter\u00e1 vy\u017eaduje interakci s ve\u0159ejnou spr\u00e1vou.<\/p><p>[\/et_pb_blurb][et_pb_button button_url=\"#kontakt\" button_text=\"M\u00e1m z\u00e1jem\" button_alignment=\"center\" admin_label=\"M\u00e1m z\u00e1jem\" _builder_version=\"4.24.2\" _module_preset=\"default\" button_rel=\"off|off|off|off|off\" custom_margin=\"||||false|false\" custom_css_main_element=\"display: flex;||flex-direction: column;\" saved_tabs=\"all\" locked=\"off\" global_colors_info=\"{}\" global_module=\"675\" theme_builder_area=\"post_content\"][\/et_pb_button][\/et_pb_column][\/et_pb_row][et_pb_row make_equal=\"on\" _builder_version=\"4.24.0\" _module_preset=\"default\" locked=\"off\" global_colors_info=\"{}\"][et_pb_column type=\"4_4\" _builder_version=\"4.24.0\" _module_preset=\"default\" background_color=\"#FFFFFF\" custom_padding=\"32px|32px|32px|32px|true|true\" border_radii=\"on|24px|24px|24px|24px\" box_shadow_style=\"preset1\" box_shadow_color=\"rgba(0,0,0,0.1)\" global_colors_info=\"{}\"][et_pb_blurb title=\"Obrana proti \u00fa\u0159ad\u016fm a ve\u0159ejn\u00e9 moci\" image=\"https:\/\/www.advokat21.cz\/wp-content\/uploads\/2024\/01\/Spravni-a-trestni-pravo-07.png\" alt=\"Spr\u00e1vn\u00ed a trestn\u00ed pr\u00e1vo\" image_icon_width=\"56px\" icon_alignment=\"left\" content_max_width=\"100%\" _builder_version=\"4.24.2\" _module_preset=\"default\" header_level=\"h2\" header_font=\"Cardo|600|||||||\" body_font_size=\"14px\" custom_css_main_element=\"display: flex;||flex-direction: column;\" global_colors_info=\"{}\" transform_scale__hover_enabled=\"off|hover\" transform_styles__hover_enabled=\"off|hover\" transform_translate__hover_enabled=\"off|hover\" transform_rotate__hover_enabled=\"off|hover\" transform_skew__hover_enabled=\"off|hover\" transform_origin__hover_enabled=\"off|hover\"]<\/p><p>Vztahy a konflikty s ve\u0159ejnou spr\u00e1vou mohou velmi nep\u0159\u00edjemn\u00fdm zp\u016fsobem ovlivnit nejen Va\u0161e podnik\u00e1n\u00ed, ale i osobn\u00ed \u017eivot. Nab\u00edz\u00edme proto odbornou obranu proti rozhodnut\u00edm a akc\u00edm \u00fa\u0159ad\u016f \u2013 od obrany proti neopr\u00e1vn\u011bn\u00fdm pokut\u00e1m za silni\u010dn\u00ed p\u0159estupky, p\u0159es \u017eivnostensk\u00e9 kontroly, a\u017e po da\u0148ov\u00e9 \u0159\u00edzen\u00ed. Na\u0161e slu\u017eby zahrnuj\u00ed pe\u010dlivou p\u0159\u00edpravu strategie a obrany proti postup\u016fm \u00fa\u0159ad\u016f, zastupov\u00e1n\u00ed ve spr\u00e1vn\u00edch \u0159\u00edzen\u00edch i p\u0159i kontrol\u00e1ch, v\u010detn\u011b kontrol da\u0148ov\u00fdch.<\/p><p>Samoz\u0159ejmost\u00ed je pr\u00e1vn\u00ed poradenstv\u00ed a podpora p\u0159i p\u0159\u00edprav\u011b \u017ealob proti \u00fa\u0159ad\u016fm, pokud nen\u00ed mo\u017en\u00e9 zajistit dostate\u010dnou a efektivn\u00ed ochranu pr\u00e1v na\u0161ich klient\u016f na \u00farovni spr\u00e1vn\u00edho \u0159\u00edzen\u00ed. A\u0165 ji\u017e jde o \u017ealoby proti rozhodnut\u00edm \u00fa\u0159ad\u016f, obranu proti jejich pasivit\u011b a ne\u010dinnosti nebo \u017ealoby na n\u00e1hradu \u0161kody \u010di proti nez\u00e1konn\u00fdm z\u00e1sah\u016fm ve\u0159ejn\u00e9 moci, n\u011bkdy je mo\u017en\u00e9 dos\u00e1hnout ochrany a\u017e u spr\u00e1vn\u00edch soud\u016f.<\/p><p>V\u00a0takov\u00e9m p\u0159\u00edpad\u011b na\u0161e slu\u017eby pokr\u00fdvaj\u00ed cel\u00fd proces soudn\u00ed obrany, od p\u0159\u00edpravy a sepisu \u017ealoby, p\u0159es zastupov\u00e1n\u00ed v\u00a0soudn\u00edm \u0159\u00edzen\u00ed, v\u010detn\u011b opravn\u00fdch prost\u0159edk\u016f, a\u017e po navazuj\u00edc\u00ed \u0159e\u0161en\u00ed situace s\u00a0\u00fa\u0159ady po pravomocn\u00e9m rozhodnut\u00ed soudu a jeho p\u0159\u00edpadn\u00e9ho vymo\u017een\u00ed.<\/p><p>[\/et_pb_blurb][et_pb_button button_url=\"#kontakt\" button_text=\"M\u00e1m z\u00e1jem\" button_alignment=\"center\" admin_label=\"M\u00e1m z\u00e1jem\" _builder_version=\"4.24.2\" _module_preset=\"default\" button_rel=\"off|off|off|off|off\" custom_margin=\"||||false|false\" custom_css_main_element=\"display: flex;||flex-direction: column;\" saved_tabs=\"all\" locked=\"off\" global_colors_info=\"{}\" global_module=\"675\"][\/et_pb_button][\/et_pb_column][\/et_pb_row][et_pb_row make_equal=\"on\" _builder_version=\"4.24.0\" _module_preset=\"default\" locked=\"off\" global_colors_info=\"{}\"][et_pb_column type=\"4_4\" _builder_version=\"4.24.0\" _module_preset=\"default\" background_color=\"#FFFFFF\" custom_padding=\"32px|32px|32px|32px|true|true\" border_radii=\"on|24px|24px|24px|24px\" box_shadow_style=\"preset1\" box_shadow_color=\"rgba(0,0,0,0.1)\" global_colors_info=\"{}\"][et_pb_blurb title=\"Ochrana ob\u010dansk\u00fdch a politick\u00fdch pr\u00e1v\" image=\"https:\/\/www.advokat21.cz\/wp-content\/uploads\/2024\/01\/Spravni-a-trestni-pravo-07.png\" alt=\"Spr\u00e1vn\u00ed a trestn\u00ed pr\u00e1vo\" image_icon_width=\"56px\" icon_alignment=\"left\" content_max_width=\"100%\" _builder_version=\"4.24.2\" _module_preset=\"default\" header_level=\"h2\" header_font=\"Cardo|600|||||||\" body_font_size=\"14px\" custom_css_main_element=\"display: flex;||flex-direction: column;\" global_colors_info=\"{}\" transform_scale__hover_enabled=\"off|hover\" transform_styles__hover_enabled=\"off|hover\" transform_translate__hover_enabled=\"off|hover\" transform_rotate__hover_enabled=\"off|hover\" transform_skew__hover_enabled=\"off|hover\" transform_origin__hover_enabled=\"off|hover\"]<\/p><p>V\u011b\u0159\u00edme, \u017ee z\u00e1kladem zdrav\u00e9 spole\u010dnosti je efektivn\u00ed ochrana z\u00e1kladn\u00edch ob\u010dansk\u00fdch pr\u00e1v a svobod. Proto se v r\u00e1mci na\u0161ich slu\u017eeb zam\u011b\u0159ujeme i na podporu a ochranu ob\u010dansk\u00fdch a politick\u00fdch pr\u00e1v. A\u0165 se jedn\u00e1 o pr\u00e1vo na informace od \u00fa\u0159ad\u016f a ve\u0159ejn\u00fdch org\u00e1n\u016f, kter\u00e9 je v dne\u0161n\u00ed dob\u011b z\u00e1kladem pro kvalifikovan\u00e1 rozhodnut\u00ed a ochranu soukrom\u00fdch i ve\u0159ejn\u00fdch z\u00e1jm\u016f, nebo nap\u0159\u00edklad o podporu p\u0159i p\u0159\u00edprav\u011b petic, pevn\u011b stoj\u00edme na stran\u011b ochrany a prosazov\u00e1n\u00ed ob\u010dansk\u00fdch a politick\u00fdch pr\u00e1v.<\/p><p>V\u00a0dne\u0161n\u00ed dob\u011b je v\u00edce ne\u017e kdy jindy d\u016fle\u017eit\u00e9 efektivn\u011b zaji\u0161\u0165ovat pr\u00e1vo na informace, svobodu projevu a ochranu soukrom\u00ed, co\u017e jsou z\u00e1kladn\u00ed stavebn\u00ed kameny demokratick\u00e9 spole\u010dnosti. Proto pom\u00e1h\u00e1me sv\u00fdm klient\u016fm naplnit i jejich politick\u00e1 pr\u00e1va a poskytujeme pevn\u00fd z\u00e1klad pro obranu t\u011bchto z\u00e1kladn\u00edch svobod. Jsme p\u0159ipraveni nab\u00eddnout expertn\u00ed poradenstv\u00ed a zastupov\u00e1n\u00ed ve v\u011bcech t\u00fdkaj\u00edc\u00edch se ve\u0159ejn\u00fdch shrom\u00e1\u017ed\u011bn\u00ed, pokud je jich k\u00a0ochran\u011b svobod pot\u0159eba, jako\u017e i obrany proti zasahov\u00e1n\u00ed do soukrom\u00ed nebo jin\u00fdch osobn\u00edch svobod \u010di v p\u0159\u00edpadech diskriminace ze strany \u00fa\u0159ad\u016f, a efektivn\u011b tak chr\u00e1nit z\u00e1kladn\u00ed stavebn\u00ed kameny svobodn\u00e9 spole\u010dnosti i v digit\u00e1ln\u00edm v\u011bku.<\/p><p>[\/et_pb_blurb][et_pb_button button_url=\"#kontakt\" button_text=\"M\u00e1m z\u00e1jem\" button_alignment=\"center\" admin_label=\"M\u00e1m z\u00e1jem\" _builder_version=\"4.24.2\" _module_preset=\"default\" button_rel=\"off|off|off|off|off\" custom_margin=\"||||false|false\" custom_css_main_element=\"display: flex;||flex-direction: column;\" saved_tabs=\"all\" locked=\"off\" global_colors_info=\"{}\" global_module=\"675\"][\/et_pb_button][\/et_pb_column][\/et_pb_row][et_pb_row make_equal=\"on\" _builder_version=\"4.24.0\" _module_preset=\"default\" locked=\"off\" global_colors_info=\"{}\"][et_pb_column type=\"4_4\" _builder_version=\"4.24.0\" _module_preset=\"default\" background_color=\"#FFFFFF\" custom_padding=\"32px|32px|32px|32px|true|true\" border_radii=\"on|24px|24px|24px|24px\" box_shadow_style=\"preset1\" box_shadow_color=\"rgba(0,0,0,0.1)\" global_colors_info=\"{}\"][et_pb_blurb title=\"Obhajoba a zastupov\u00e1n\u00ed v trestn\u00edm \u0159\u00edzen\u00ed\" image=\"https:\/\/www.advokat21.cz\/wp-content\/uploads\/2024\/01\/Spravni-a-trestni-pravo-07.png\" alt=\"Spr\u00e1vn\u00ed a trestn\u00ed pr\u00e1vo\" image_icon_width=\"56px\" icon_alignment=\"left\" content_max_width=\"100%\" _builder_version=\"4.24.2\" _module_preset=\"default\" header_level=\"h2\" header_font=\"Cardo|600|||||||\" body_font_size=\"14px\" custom_css_main_element=\"display: flex;||flex-direction: column;\" global_colors_info=\"{}\" transform_scale__hover_enabled=\"off|hover\" transform_styles__hover_enabled=\"off|hover\" transform_translate__hover_enabled=\"off|hover\" transform_rotate__hover_enabled=\"off|hover\" transform_skew__hover_enabled=\"off|hover\" transform_origin__hover_enabled=\"off|hover\"]<\/p><p>Nejv\u011bt\u0161\u00edm z\u00e1sahem ve\u0159ejn\u00e9 moci do osobn\u00edho \u017eivota je i v dne\u0161n\u00ed dob\u011b trestn\u00ed st\u00edh\u00e1n\u00ed, kter\u00e9 m\u016f\u017ee obr\u00e1tit V\u00e1\u0161 \u017eivot naruby a ovlivnit Va\u0161i rodinu, pr\u00e1ci, vztahy i budoucnost. Zvl\u00e1\u0161\u0165 n\u00e1ro\u010dn\u00e9 je trestn\u00ed \u0159\u00edzen\u00ed v p\u0159\u00edpad\u011b, \u017ee je vedeno neopr\u00e1vn\u011bn\u011b, a jednotlivec nen\u00ed schopen se proti obvin\u011bn\u00edm kvalifikovan\u011b br\u00e1nit. Ch\u00e1peme v\u00e1\u017enost a stres, kter\u00fd s sebou trestn\u00ed \u0159\u00edzen\u00ed p\u0159in\u00e1\u0161\u00ed, a proto poskytujeme v t\u011bchto p\u0159\u00edpadech pe\u010dlivou a c\u00edlenou obhajobu vytvo\u0159enou v\u017edy na m\u00edru pro na\u0161e klienty.<\/p><p>Na\u0161\u00edm c\u00edlem je chr\u00e1nit pr\u00e1va na\u0161ich klient\u016f ve v\u0161ech f\u00e1z\u00edch trestn\u00edho \u0159\u00edzen\u00ed, od policejn\u00edho prov\u011b\u0159ov\u00e1n\u00ed a vy\u0161et\u0159ov\u00e1n\u00ed a\u017e po soudn\u00ed l\u00ed\u010den\u00ed nebo mimosoudn\u00ed \u010di alternativn\u00ed \u0159e\u0161en\u00ed trestn\u00edch obvin\u011bn\u00ed. Kl\u00ed\u010dem k\u00a0obhajob\u011b je individu\u00e1ln\u00ed p\u0159\u00edstup a d\u016fkladn\u00e1 p\u0159\u00edprava ka\u017ed\u00e9ho p\u0159\u00edpadu, v\u010detn\u011b anal\u00fdzy ka\u017ed\u00e9ho d\u016fkazu a vyu\u017eit\u00ed v\u0161ech dostupn\u00e9 pr\u00e1vn\u00ed n\u00e1stroje k zaji\u0161t\u011bn\u00ed nejlep\u0161\u00ed mo\u017en\u00e9 obrany. Pro ka\u017ed\u00e9ho v\u00a0postaven\u00ed obvin\u011bn\u00e9ho je tak\u00e9 zcela nezbytn\u00e1 emocion\u00e1ln\u00ed podpora a citliv\u00fd p\u0159\u00edstup i ze strany jeho pr\u00e1vn\u00edch z\u00e1stupc\u016f a porozum\u011bn\u00ed dopad\u016fm takov\u00e9 situace na osobn\u00ed \u017eivot.<\/p><p>Prioritou je pro n\u00e1s proto nejenom dos\u00e1hnout nejlep\u0161\u00edho mo\u017en\u00e9ho v\u00fdsledku v soudn\u00ed s\u00edni nebo mimosoudn\u00edho \u0159e\u0161en\u00ed \u010di jin\u00e9ho odklonu v\u00a0trestn\u00edm \u0159\u00edzen\u00ed, ale tak\u00e9 zajistit, \u017ee na\u0161i klienti jsou pln\u011b informov\u00e1ni a c\u00edt\u00ed se v\u00a0t\u011bchto n\u00e1ro\u010dn\u00fdch situac\u00edch podporov\u00e1ni a maj\u00ed pocit, \u017ee n\u011bkdo stoj\u00ed pevn\u011b vedle nich, aby spole\u010dn\u011b s\u00a0nimi \u010delil v\u00fdzv\u00e1m trestn\u00edho \u0159\u00edzen\u00ed s d\u016frazem na profesionalitu, empatii a odbornost.<\/p><p>[\/et_pb_blurb][et_pb_button button_url=\"#kontakt\" button_text=\"M\u00e1m z\u00e1jem\" button_alignment=\"center\" admin_label=\"M\u00e1m z\u00e1jem\" _builder_version=\"4.24.2\" _module_preset=\"default\" button_rel=\"off|off|off|off|off\" custom_margin=\"||||false|false\" custom_css_main_element=\"display: flex;||flex-direction: column;\" saved_tabs=\"all\" locked=\"off\" global_colors_info=\"{}\" global_module=\"675\"][\/et_pb_button][\/et_pb_column][\/et_pb_row][\/et_pb_section]<\/p>","_et_gb_content_width":"","footnotes":""},"class_list":["post-768","page","type-page","status-publish","hentry"],"_links":{"self":[{"href":"https:\/\/www.advokat21.cz\/en\/wp-json\/wp\/v2\/pages\/768","targetHints":{"allow":["GET"]}}],"collection":[{"href":"https:\/\/www.advokat21.cz\/en\/wp-json\/wp\/v2\/pages"}],"about":[{"href":"https:\/\/www.advokat21.cz\/en\/wp-json\/wp\/v2\/types\/page"}],"author":[{"embeddable":true,"href":"https:\/\/www.advokat21.cz\/en\/wp-json\/wp\/v2\/users\/1"}],"replies":[{"embeddable":true,"href":"https:\/\/www.advokat21.cz\/en\/wp-json\/wp\/v2\/comments?post=768"}],"version-history":[{"count":9,"href":"https:\/\/www.advokat21.cz\/en\/wp-json\/wp\/v2\/pages\/768\/revisions"}],"predecessor-version":[{"id":1039,"href":"https:\/\/www.advokat21.cz\/en\/wp-json\/wp\/v2\/pages\/768\/revisions\/1039"}],"wp:attachment":[{"href":"https:\/\/www.advokat21.cz\/en\/wp-json\/wp\/v2\/media?parent=768"}],"curies":[{"name":"wp","href":"https:\/\/api.w.org\/{rel}","templated":true}]}}